{"id":361,"date":"2025-08-10T17:31:34","date_gmt":"2025-08-10T15:31:34","guid":{"rendered":"https:\/\/grupcharlytrama.com\/jordiquimera\/?page_id=361"},"modified":"2025-08-13T13:42:24","modified_gmt":"2025-08-13T11:42:24","slug":"bio","status":"publish","type":"page","link":"https:\/\/grupcharlytrama.com\/jordiquimera\/bio\/","title":{"rendered":"Sobre mi"},"content":{"rendered":"\n<div class=\"wp-block-cover alignfull is-light\"><span aria-hidden=\"true\" class=\"wp-block-cover__background has-background-dim\" style=\"background-color:#fafafa\"><\/span><img loading=\"lazy\" decoding=\"async\" width=\"1810\" height=\"2560\" sizes=\"(max-width: 799px) 200vw,(max-width: 1810px) 100vw,1810px\" class=\"wp-block-cover__image-background wp-image-364\" alt=\"\" src=\"https:\/\/grupcharlytrama.com\/jordiquimera\/wp-content\/uploads\/sites\/2\/2025\/08\/Fons-fum-scaled.jpg\" style=\"object-position:50% 100%\" data-object-fit=\"cover\" data-object-position=\"50% 100%\" srcset=\"https:\/\/grupcharlytrama.com\/jordiquimera\/wp-content\/uploads\/sites\/2\/2025\/08\/Fons-fum-scaled.jpg 1810w, https:\/\/grupcharlytrama.com\/jordiquimera\/wp-content\/uploads\/sites\/2\/2025\/08\/Fons-fum-212x300.jpg 212w, https:\/\/grupcharlytrama.com\/jordiquimera\/wp-content\/uploads\/sites\/2\/2025\/08\/Fons-fum-724x1024.jpg 724w, https:\/\/grupcharlytrama.com\/jordiquimera\/wp-content\/uploads\/sites\/2\/2025\/08\/Fons-fum-2000x2829.jpg 2000w\" \/><div class=\"wp-block-cover__inner-container has-global-padding is-layout-constrained wp-block-cover-is-layout-constrained\">\n<div class=\"wp-block-columns is-layout-flex wp-container-core-columns-is-layout-1 wp-block-columns-is-layout-flex\">\n<div class=\"wp-block-column is-layout-flow wp-block-column-is-layout-flow\">\n<figure class=\"wp-block-image aligncenter size-large is-resized\"><img loading=\"lazy\" decoding=\"async\" width=\"998\" height=\"1024\" src=\"http:\/\/grupcharlytrama.com\/jordiquimera\/wp-content\/uploads\/sites\/2\/2025\/08\/Jordi-Quimera-998x1024.png\" alt=\"\" class=\"wp-image-366\" style=\"width:136px;height:auto\" srcset=\"https:\/\/grupcharlytrama.com\/jordiquimera\/wp-content\/uploads\/sites\/2\/2025\/08\/Jordi-Quimera-998x1024.png 998w, https:\/\/grupcharlytrama.com\/jordiquimera\/wp-content\/uploads\/sites\/2\/2025\/08\/Jordi-Quimera-293x300.png 293w, https:\/\/grupcharlytrama.com\/jordiquimera\/wp-content\/uploads\/sites\/2\/2025\/08\/Jordi-Quimera-2000x2051.png 2000w\" sizes=\"(max-width: 998px) 100vw, 998px\" \/><\/figure>\n\n\n\n<div style=\"height:35px\" aria-hidden=\"true\" class=\"wp-block-spacer\"><\/div>\n\n\n\n<p><mark style=\"background-color:rgba(0, 0, 0, 0)\" class=\"has-inline-color has-secondary-color\">Jordi Quimera<\/mark> \u00e9s un il\u00b7lusionista amb \u00e0nima de c\u00f2mic i cor d\u2019humanista. Diuen que va n\u00e9ixer en una fam\u00edlia convencional, per\u00f2 ben aviat va quedar clar que ell no ho era: era \u2014i encara \u00e9s\u2014 l\u2019ovella verda.<\/p>\n\n\n\n<p>Format com a productor d\u2019espectacles, r\u00e0dio i televisi\u00f3, fa m\u00e9s de quinze anys que combina la m\u00e0gia d\u2019escena i les grans il\u00b7lusions amb una mirada pr\u00f2pia, ir\u00f2nica i tendra, hereva de Chaplin, Groucho Marx i Mel Brooks.<\/p>\n\n\n\n<p>De ben jove, s\u2019implica en l\u2019activitat cultural de la seva ciutat, Rub\u00ed, per\u00f2 \u00e9s l\u2019any 2009 quan puja per primer cop a l\u2019escenari\u2026 per no baixar-ne mai m\u00e9s.<\/p>\n\n\n\n<p>Els seus espectacles \u2014directes, plens d\u2019humor i impacte visual\u2014 es caracteritzen per una energia desbordant i una ingenu\u00eftat desarmant. Jordi no nom\u00e9s fa m\u00e0gia: l\u2019habita. I convida el p\u00fablic a viure-la com una experi\u00e8ncia esc\u00e8nica, lluminosa i, sobretot, humana.<\/p>\n\n\n\n<p>A m\u00e9s d\u2019int\u00e8rpret, \u00e9s autor i productor dels seus espectacles, conferenciant i president de l\u2019Associaci\u00f3 de Professionals de la M\u00e0gia de Catalunya.<\/p>\n\n\n\n<p>La seva traject\u00f2ria uneix l\u2019escena amb el pensament cr\u00edtic, el joc amb la reflexi\u00f3 i l\u2019ofici amb la passi\u00f3.<\/p>\n\n\n\n<div style=\"height:23px\" aria-hidden=\"true\" class=\"wp-block-spacer\"><\/div>\n\n\n\n<div class=\"wp-block-buttons is-content-justification-center is-layout-flex wp-container-core-buttons-is-layout-1 wp-block-buttons-is-layout-flex\">\n<div class=\"wp-block-button is-style-fill\"><a class=\"wp-block-button__link has-background has-text-align-center wp-element-button\" href=\"http:\/\/grupcharlytrama.com\/jordiquimera\/wp-content\/uploads\/sites\/2\/2025\/08\/D_JordiQuimera_2026.pdf\" style=\"border-radius:10px;background-color:#0f737b\" target=\"_blank\" rel=\"noreferrer noopener\">DOSSIER<\/a><\/div>\n\n\n\n<div class=\"wp-block-button\"><a class=\"wp-block-button__link has-background wp-element-button\" href=\"https:\/\/grupcharlytrama.com\/jordiquimera\/contacte\/\" style=\"border-radius:10px;background-color:#0f7b4d\">CONTACTA&#8217;NS<\/a><\/div>\n<\/div>\n<\/div>\n\n\n\n<div class=\"wp-block-column is-layout-flow wp-block-column-is-layout-flow\">\n<div style=\"height:176px\" aria-hidden=\"true\" class=\"wp-block-spacer\"><\/div>\n\n\n\n<figure class=\"wp-block-image alignright size-large is-resized\"><img loading=\"lazy\" decoding=\"async\" width=\"722\" height=\"1024\" src=\"http:\/\/grupcharlytrama.com\/jordiquimera\/wp-content\/uploads\/sites\/2\/2025\/08\/JGM_4637-scaled-e1754840255782-722x1024.jpg\" alt=\"\" class=\"wp-image-367\" style=\"width:445px;height:auto\" srcset=\"https:\/\/grupcharlytrama.com\/jordiquimera\/wp-content\/uploads\/sites\/2\/2025\/08\/JGM_4637-scaled-e1754840255782-722x1024.jpg 722w, https:\/\/grupcharlytrama.com\/jordiquimera\/wp-content\/uploads\/sites\/2\/2025\/08\/JGM_4637-scaled-e1754840255782-212x300.jpg 212w, https:\/\/grupcharlytrama.com\/jordiquimera\/wp-content\/uploads\/sites\/2\/2025\/08\/JGM_4637-scaled-e1754840255782-768x1089.jpg 768w, https:\/\/grupcharlytrama.com\/jordiquimera\/wp-content\/uploads\/sites\/2\/2025\/08\/JGM_4637-scaled-e1754840255782-1083x1536.jpg 1083w, https:\/\/grupcharlytrama.com\/jordiquimera\/wp-content\/uploads\/sites\/2\/2025\/08\/JGM_4637-scaled-e1754840255782.jpg 1203w\" sizes=\"(max-width: 722px) 100vw, 722px\" \/><\/figure>\n<\/div>\n<\/div>\n\n\n\n<div style=\"height:48px\" aria-hidden=\"true\" class=\"wp-block-spacer\"><\/div>\n\n\n\n<h1 class=\"wp-block-heading\" style=\"text-transform:uppercase\">Univers esc\u00e8nic i estil propi<\/h1>\n\n\n\n<p><mark style=\"background-color:rgba(0, 0, 0, 0)\" class=\"has-inline-color has-secondary-color\">Jordi Quimera<\/mark> no fa m\u00e0gia. <mark style=\"background-color:rgba(0, 0, 0, 0)\" class=\"has-inline-color has-secondary-color\">La manipula, la disfressa, li treu la rigidesa i l\u2019omple de vida<\/mark>.<\/p>\n\n\n\n<p>No es tracta de fer trucs, sin\u00f3 de <mark style=\"background-color:rgba(0, 0, 0, 0)\" class=\"has-inline-color has-secondary-color\">jugar amb la realitat<\/mark> com si fos plastilina.<\/p>\n\n\n\n<p>El seu univers esc\u00e8nic neix <mark style=\"background-color:rgba(0, 0, 0, 0)\" class=\"has-inline-color has-secondary-color\">del caos l\u00fadic i de l\u2019estranyesa compartida<\/mark>, amb influ\u00e8ncies que van de <mark style=\"background-color:rgba(0, 0, 0, 0)\" class=\"has-inline-color has-secondary-color\">Chaplin als germans Marx<\/mark>, passant per <mark style=\"background-color:rgba(0, 0, 0, 0)\" class=\"has-inline-color has-secondary-color\">Mel Brooks, la poesia absurda i la com\u00e8dia f\u00edsica<\/mark>.<\/p>\n\n\n\n<p>A l\u2019escenari hi conviuen la sorpresa, la m\u00fasica, l\u2019humor que incomoda i l\u2019excepcional convertit en quotidi\u00e0.<\/p>\n\n\n\n<p>Jordi Quimera <mark style=\"background-color:rgba(0, 0, 0, 0)\" class=\"has-inline-color has-secondary-color\">barreja m\u00e0gia, teatre i can\u00e7\u00f3<\/mark>, per\u00f2 mai com a peces separades: <mark style=\"background-color:rgba(0, 0, 0, 0)\" class=\"has-inline-color has-secondary-color\">tot est\u00e0 al servei del joc esc\u00e8nic<\/mark>.<\/p>\n\n\n\n<p>El p\u00fablic riu, per\u00f2 no sap per qu\u00e8. S\u2019admira, per\u00f2 no sap ben b\u00e9 de qu\u00e8.<\/p>\n\n\n\n<p><mark style=\"background-color:rgba(0, 0, 0, 0)\" class=\"has-inline-color has-secondary-color\">Perqu\u00e8, de sobte, la realitat sembla haver pres mal\u2026 i tothom en gaudeix<\/mark>.<\/p>\n\n\n\n<div style=\"height:46px\" aria-hidden=\"true\" class=\"wp-block-spacer\"><\/div>\n\n\n\n<div class=\"wp-block-columns is-layout-flex wp-container-core-columns-is-layout-2 wp-block-columns-is-layout-flex\">\n<div class=\"wp-block-column is-layout-flow wp-block-column-is-layout-flow\" style=\"--col-width:33.33%;flex-basis:33.33%\">\n<figure class=\"wp-block-image size-large\"><img loading=\"lazy\" decoding=\"async\" width=\"522\" height=\"1024\" src=\"http:\/\/grupcharlytrama.com\/jordiquimera\/wp-content\/uploads\/sites\/2\/2024\/09\/03_Magiaferit-copia-min-e1754840622857-522x1024.jpg\" alt=\"\" class=\"wp-image-210\" srcset=\"https:\/\/grupcharlytrama.com\/jordiquimera\/wp-content\/uploads\/sites\/2\/2024\/09\/03_Magiaferit-copia-min-e1754840622857-522x1024.jpg 522w, https:\/\/grupcharlytrama.com\/jordiquimera\/wp-content\/uploads\/sites\/2\/2024\/09\/03_Magiaferit-copia-min-e1754840622857-153x300.jpg 153w, https:\/\/grupcharlytrama.com\/jordiquimera\/wp-content\/uploads\/sites\/2\/2024\/09\/03_Magiaferit-copia-min-e1754840622857.jpg 680w\" sizes=\"(max-width: 522px) 100vw, 522px\" \/><\/figure>\n<\/div>\n\n\n\n<div class=\"wp-block-column is-layout-flow wp-block-column-is-layout-flow\" style=\"--col-width:66.66%;flex-basis:66.66%\">\n<h1 class=\"wp-block-heading\" style=\"text-transform:uppercase\"><strong>Fites professionals<\/strong><\/h1>\n\n\n\n<ul class=\"wp-block-list\">\n<li>President l\u2019<strong>Associaci\u00f3 de Professionals de la M\u00e0gia<\/strong> (ACMIPE) (2024 \u2013 act.)<\/li>\n\n\n\n<li>Responsable de Relacions Institucionals de l\u2019<strong>Associaci\u00f3 de Professionals de la M\u00e0gia<\/strong> (ACMIPE) (2020 &#8211; 2024)<\/li>\n\n\n\n<li>Incl\u00f2s al cat\u00e0leg d\u00b4espectacles de la <strong>Fundaci\u00f3 Xarxa<\/strong>.<\/li>\n\n\n\n<li>Incl\u00f2s al Programa.cat de la <strong>Generalitat de Catalunya<\/strong>.<\/li>\n\n\n\n<li>Seleccionat al <strong>TAST D\u2019ESPECTACLES FAMILIARS<\/strong>&nbsp; (2017, 2019, 2024)<\/li>\n\n\n\n<li>Seleccionat al Festival de Teatre a la Pres\u00f3 de Lledoners de l\u2019<strong>AADPC<\/strong> (2018)<\/li>\n\n\n\n<li>Inauguraci\u00f3 de la Temporada de l\u2019<strong>Aula d\u2019Extensi\u00f3 universit\u00e0ria de Girona<\/strong> (2017)<\/li>\n\n\n\n<li>Seleccionat al 1r Aparador de Mags del Festival <strong>Una Tona de M\u00e0gia<\/strong> (2017)<\/li>\n\n\n\n<li>Seleccionat per tancar la programaci\u00f3 familiar de <strong>Las Fiestas del Pilar a Zaragoza<\/strong> (2014)<\/li>\n\n\n\n<li>Seleccionat al <strong>Festival FITKAM<\/strong> de Montmel\u00f3 (2014)<\/li>\n\n\n\n<li>Estada d\u2019estiu al Teatre-Museu <strong>EL REI DE LA M\u00c0GIA<\/strong> (2013)<\/li>\n\n\n\n<li>Assessor m\u00e0gic de l\u2019obra \u201cLa Nana Bunilda menja malsons\u201d al <strong>Festival GREC<\/strong> BARCELONA (2012)<\/li>\n\n\n\n<li>Participa a la Gala <strong>Catalunya Aixeca el Tel\u00f3<\/strong> de TV3 (2011)<\/li>\n\n\n\n<li>Seleccionat a la programaci\u00f3 <strong>La M\u00e0gia del Nadal de Martorell<\/strong> (2011, 2012, 2014, 2019, 2021, 2023)<\/li>\n\n\n\n<li>Il\u00b7lusionista resident al Club de la M\u00e0gia del <strong>TEATRENEU<\/strong> (2011-2012)<\/li>\n\n\n\n<li>Finalista al 1r <strong>CONCURS DE M\u00c0GIA<\/strong> CAN NICOLAU (2009)<\/li>\n<\/ul>\n<\/div>\n<\/div>\n\n\n\n<div style=\"height:35px\" aria-hidden=\"true\" class=\"wp-block-spacer\"><\/div>\n\n\n\n<figure class=\"wp-block-image aligncenter size-large\"><img loading=\"lazy\" decoding=\"async\" width=\"1024\" height=\"682\" src=\"http:\/\/grupcharlytrama.com\/jordiquimera\/wp-content\/uploads\/sites\/2\/2024\/09\/05_Magiaferit-copia-min-1024x682.jpg\" alt=\"\" class=\"wp-image-212\" srcset=\"https:\/\/grupcharlytrama.com\/jordiquimera\/wp-content\/uploads\/sites\/2\/2024\/09\/05_Magiaferit-copia-min-1024x682.jpg 1024w, https:\/\/grupcharlytrama.com\/jordiquimera\/wp-content\/uploads\/sites\/2\/2024\/09\/05_Magiaferit-copia-min-300x200.jpg 300w, https:\/\/grupcharlytrama.com\/jordiquimera\/wp-content\/uploads\/sites\/2\/2024\/09\/05_Magiaferit-copia-min-1536x1024.jpg 1536w, https:\/\/grupcharlytrama.com\/jordiquimera\/wp-content\/uploads\/sites\/2\/2024\/09\/05_Magiaferit-copia-min.jpg 2000w\" sizes=\"(max-width: 1024px) 100vw, 1024px\" \/><\/figure>\n\n\n\n<div style=\"height:30px\" aria-hidden=\"true\" class=\"wp-block-spacer\"><\/div>\n<\/div><\/div>\n","protected":false},"excerpt":{"rendered":"","protected":false},"author":1,"featured_media":202,"parent":0,"menu_order":0,"comment_status":"closed","ping_status":"closed","template":"","meta":{"_eb_attr":"","footnotes":""},"class_list":["post-361","page","type-page","status-publish","has-post-thumbnail","hentry"],"_links":{"self":[{"href":"https:\/\/grupcharlytrama.com\/jordiquimera\/wp-json\/wp\/v2\/pages\/361"}],"collection":[{"href":"https:\/\/grupcharlytrama.com\/jordiquimera\/wp-json\/wp\/v2\/pages"}],"about":[{"href":"https:\/\/grupcharlytrama.com\/jordiquimera\/wp-json\/wp\/v2\/types\/page"}],"author":[{"embeddable":true,"href":"https:\/\/grupcharlytrama.com\/jordiquimera\/wp-json\/wp\/v2\/users\/1"}],"replies":[{"embeddable":true,"href":"https:\/\/grupcharlytrama.com\/jordiquimera\/wp-json\/wp\/v2\/comments?post=361"}],"version-history":[{"count":14,"href":"https:\/\/grupcharlytrama.com\/jordiquimera\/wp-json\/wp\/v2\/pages\/361\/revisions"}],"predecessor-version":[{"id":972,"href":"https:\/\/grupcharlytrama.com\/jordiquimera\/wp-json\/wp\/v2\/pages\/361\/revisions\/972"}],"wp:featuredmedia":[{"embeddable":true,"href":"https:\/\/grupcharlytrama.com\/jordiquimera\/wp-json\/wp\/v2\/media\/202"}],"wp:attachment":[{"href":"https:\/\/grupcharlytrama.com\/jordiquimera\/wp-json\/wp\/v2\/media?parent=361"}],"curies":[{"name":"wp","href":"https:\/\/api.w.org\/{rel}","templated":true}]}}