{"id":640,"date":"2025-08-11T19:16:47","date_gmt":"2025-08-11T17:16:47","guid":{"rendered":"https:\/\/grupcharlytrama.com\/jordiquimera\/?page_id=640"},"modified":"2025-08-13T13:42:21","modified_gmt":"2025-08-13T11:42:21","slug":"sobremi-esp","status":"publish","type":"page","link":"https:\/\/grupcharlytrama.com\/jordiquimera\/es\/sobremi-esp\/","title":{"rendered":"Sobre mi"},"content":{"rendered":"\n<div class=\"wp-block-cover alignfull is-light\"><span aria-hidden=\"true\" class=\"wp-block-cover__background has-background-dim\" style=\"background-color:#fafafa\"><\/span><img loading=\"lazy\" decoding=\"async\" width=\"1810\" height=\"2560\" sizes=\"(max-width: 799px) 200vw,(max-width: 1810px) 100vw,1810px\" class=\"wp-block-cover__image-background wp-image-364\" alt=\"\" src=\"https:\/\/grupcharlytrama.com\/jordiquimera\/wp-content\/uploads\/sites\/2\/2025\/08\/Fons-fum-scaled.jpg\" style=\"object-position:50% 100%\" data-object-fit=\"cover\" data-object-position=\"50% 100%\" srcset=\"https:\/\/grupcharlytrama.com\/jordiquimera\/wp-content\/uploads\/sites\/2\/2025\/08\/Fons-fum-scaled.jpg 1810w, https:\/\/grupcharlytrama.com\/jordiquimera\/wp-content\/uploads\/sites\/2\/2025\/08\/Fons-fum-212x300.jpg 212w, https:\/\/grupcharlytrama.com\/jordiquimera\/wp-content\/uploads\/sites\/2\/2025\/08\/Fons-fum-724x1024.jpg 724w, https:\/\/grupcharlytrama.com\/jordiquimera\/wp-content\/uploads\/sites\/2\/2025\/08\/Fons-fum-2000x2829.jpg 2000w\" \/><div class=\"wp-block-cover__inner-container has-global-padding is-layout-constrained wp-block-cover-is-layout-constrained\">\n<div class=\"wp-block-columns is-layout-flex wp-container-core-columns-is-layout-1 wp-block-columns-is-layout-flex\">\n<div class=\"wp-block-column is-layout-flow wp-block-column-is-layout-flow\">\n<figure class=\"wp-block-image aligncenter size-large is-resized\"><img loading=\"lazy\" decoding=\"async\" width=\"998\" height=\"1024\" src=\"http:\/\/grupcharlytrama.com\/jordiquimera\/wp-content\/uploads\/sites\/2\/2025\/08\/Jordi-Quimera-998x1024.png\" alt=\"\" class=\"wp-image-366\" style=\"width:136px;height:auto\" srcset=\"https:\/\/grupcharlytrama.com\/jordiquimera\/wp-content\/uploads\/sites\/2\/2025\/08\/Jordi-Quimera-998x1024.png 998w, https:\/\/grupcharlytrama.com\/jordiquimera\/wp-content\/uploads\/sites\/2\/2025\/08\/Jordi-Quimera-293x300.png 293w, https:\/\/grupcharlytrama.com\/jordiquimera\/wp-content\/uploads\/sites\/2\/2025\/08\/Jordi-Quimera-2000x2051.png 2000w\" sizes=\"(max-width: 998px) 100vw, 998px\" \/><\/figure>\n\n\n\n<div style=\"height:35px\" aria-hidden=\"true\" class=\"wp-block-spacer\"><\/div>\n\n\n\n<p><mark style=\"background-color:rgba(0, 0, 0, 0)\" class=\"has-inline-color has-secondary-color\">Jordi Quimera <\/mark>es un ilusionista con alma de c\u00f3mico y coraz\u00f3n de humanista. Dicen que naci\u00f3 en una familia convencional, pero pronto qued\u00f3 claro que \u00e9l no lo era: era \u2014y sigue siendo\u2014 la oveja verde.<\/p>\n\n\n\n<p>Formado como productor de espect\u00e1culos, radio y televisi\u00f3n, hace m\u00e1s de quince a\u00f1os que combina la magia esc\u00e9nica y las grandes ilusiones con una mirada propia, ir\u00f3nica y tierna, heredera de Chaplin, Groucho Marx y Mel Brooks.<\/p>\n\n\n\n<p>Desde muy joven, se implica en la actividad cultural de su ciudad, Rub\u00ed, pero es en el a\u00f1o 2009 cuando sube por primera vez a un escenario\u2026 para no bajarse nunca m\u00e1s.<\/p>\n\n\n\n<p>Sus espect\u00e1culos \u2014directos, llenos de humor e impacto visual\u2014 se caracterizan por una energ\u00eda desbordante y una ingenuidad desarmante. Jordi no solo hace magia: la habita. E invita al p\u00fablico a vivirla como una experiencia esc\u00e9nica, luminosa y, sobre todo, humana.<\/p>\n\n\n\n<p>Adem\u00e1s de int\u00e9rprete, es autor y productor de sus espect\u00e1culos, conferenciante y presidente de la Asociaci\u00f3n de Profesionales de la Magia de Catalu\u00f1a.<\/p>\n\n\n\n<p>Su trayectoria une la escena con el pensamiento cr\u00edtico, el juego con la reflexi\u00f3n y el oficio con la pasi\u00f3n.<\/p>\n\n\n\n<div style=\"height:23px\" aria-hidden=\"true\" class=\"wp-block-spacer\"><\/div>\n\n\n\n<div class=\"wp-block-buttons is-content-justification-center is-layout-flex wp-container-core-buttons-is-layout-1 wp-block-buttons-is-layout-flex\">\n<div class=\"wp-block-button is-style-fill\"><a class=\"wp-block-button__link has-background has-text-align-center wp-element-button\" href=\"http:\/\/grupcharlytrama.com\/jordiquimera\/wp-content\/uploads\/sites\/2\/2025\/08\/De_JordiQuimera_2026.pdf\" style=\"border-radius:10px;background-color:#0f737b\" target=\"_blank\" rel=\"noreferrer noopener\">DOSSIER<\/a><\/div>\n\n\n\n<div class=\"wp-block-button\"><a class=\"wp-block-button__link has-background wp-element-button\" href=\"https:\/\/grupcharlytrama.com\/jordiquimera\/es\/contacto\/\" style=\"border-radius:10px;background-color:#0f7b4d\">CONT\u00c1CTANOS<\/a><\/div>\n<\/div>\n<\/div>\n\n\n\n<div class=\"wp-block-column is-layout-flow wp-block-column-is-layout-flow\">\n<div style=\"height:176px\" aria-hidden=\"true\" class=\"wp-block-spacer\"><\/div>\n\n\n\n<figure class=\"wp-block-image alignright size-large is-resized\"><img loading=\"lazy\" decoding=\"async\" width=\"722\" height=\"1024\" src=\"http:\/\/grupcharlytrama.com\/jordiquimera\/wp-content\/uploads\/sites\/2\/2025\/08\/JGM_4637-scaled-e1754840255782-722x1024.jpg\" alt=\"\" class=\"wp-image-367\" style=\"width:445px;height:auto\" srcset=\"https:\/\/grupcharlytrama.com\/jordiquimera\/wp-content\/uploads\/sites\/2\/2025\/08\/JGM_4637-scaled-e1754840255782-722x1024.jpg 722w, https:\/\/grupcharlytrama.com\/jordiquimera\/wp-content\/uploads\/sites\/2\/2025\/08\/JGM_4637-scaled-e1754840255782-212x300.jpg 212w, https:\/\/grupcharlytrama.com\/jordiquimera\/wp-content\/uploads\/sites\/2\/2025\/08\/JGM_4637-scaled-e1754840255782-768x1089.jpg 768w, https:\/\/grupcharlytrama.com\/jordiquimera\/wp-content\/uploads\/sites\/2\/2025\/08\/JGM_4637-scaled-e1754840255782-1083x1536.jpg 1083w, https:\/\/grupcharlytrama.com\/jordiquimera\/wp-content\/uploads\/sites\/2\/2025\/08\/JGM_4637-scaled-e1754840255782.jpg 1203w\" sizes=\"(max-width: 722px) 100vw, 722px\" \/><\/figure>\n<\/div>\n<\/div>\n\n\n\n<div style=\"height:48px\" aria-hidden=\"true\" class=\"wp-block-spacer\"><\/div>\n\n\n\n<h1 class=\"wp-block-heading\" style=\"text-transform:uppercase\">Universo esc\u00e9nico y estilo propio<\/h1>\n\n\n\n<p><mark style=\"background-color:rgba(0, 0, 0, 0)\" class=\"has-inline-color has-secondary-color\">Jordi Quimera<\/mark> no hace magia. <mark style=\"background-color:rgba(0, 0, 0, 0)\" class=\"has-inline-color has-secondary-color\">La manipula, la disfraza, le quita la rigidez y la llena de vida<\/mark>.<\/p>\n\n\n\n<p>No se trata de hacer trucos, sino de<mark style=\"background-color:rgba(0, 0, 0, 0)\" class=\"has-inline-color has-secondary-color\"> jugar con la realidad<\/mark> como si fuera plastilina.<\/p>\n\n\n\n<p>Su universo esc\u00e9nico nace <mark style=\"background-color:rgba(0, 0, 0, 0)\" class=\"has-inline-color has-secondary-color\">del caos l\u00fadico y de la extra\u00f1eza compartida<\/mark>, con influencias que van de <mark style=\"background-color:rgba(0, 0, 0, 0)\" class=\"has-inline-color has-secondary-color\">Chaplin a los hermanos Marx<\/mark>, pasando por <mark style=\"background-color:rgba(0, 0, 0, 0)\" class=\"has-inline-color has-secondary-color\">Mel Brooks, la poes\u00eda absurda y la comedia f\u00edsica<\/mark>.<\/p>\n\n\n\n<p>En el escenario conviven la sorpresa, la m\u00fasica, el humor que incomoda y lo excepcional convertido en cotidiano.<\/p>\n\n\n\n<p>Jordi Quimera <mark style=\"background-color:rgba(0, 0, 0, 0)\" class=\"has-inline-color has-secondary-color\">mezcla magia, teatro y canci\u00f3n<\/mark>, pero nunca como piezas separadas: <mark style=\"background-color:rgba(0, 0, 0, 0)\" class=\"has-inline-color has-secondary-color\">todo est\u00e1 al servicio del juego esc\u00e9nico<\/mark>.<\/p>\n\n\n\n<p>El p\u00fablico r\u00ede, pero no sabe por qu\u00e9. Se admira, pero no sabe bien de qu\u00e9.<\/p>\n\n\n\n<p><mark style=\"background-color:rgba(0, 0, 0, 0)\" class=\"has-inline-color has-secondary-color\">Porque, de repente, la realidad parece haberse da\u00f1ado\u2026 y todos lo disfrutan.<\/mark><\/p>\n\n\n\n<div style=\"height:46px\" aria-hidden=\"true\" class=\"wp-block-spacer\"><\/div>\n\n\n\n<div class=\"wp-block-columns is-layout-flex wp-container-core-columns-is-layout-2 wp-block-columns-is-layout-flex\">\n<div class=\"wp-block-column is-layout-flow wp-block-column-is-layout-flow\" style=\"--col-width:33.33%;flex-basis:33.33%\">\n<figure class=\"wp-block-image size-large\"><img loading=\"lazy\" decoding=\"async\" width=\"522\" height=\"1024\" src=\"http:\/\/grupcharlytrama.com\/jordiquimera\/wp-content\/uploads\/sites\/2\/2024\/09\/03_Magiaferit-copia-min-e1754840622857-522x1024.jpg\" alt=\"\" class=\"wp-image-210\" srcset=\"https:\/\/grupcharlytrama.com\/jordiquimera\/wp-content\/uploads\/sites\/2\/2024\/09\/03_Magiaferit-copia-min-e1754840622857-522x1024.jpg 522w, https:\/\/grupcharlytrama.com\/jordiquimera\/wp-content\/uploads\/sites\/2\/2024\/09\/03_Magiaferit-copia-min-e1754840622857-153x300.jpg 153w, https:\/\/grupcharlytrama.com\/jordiquimera\/wp-content\/uploads\/sites\/2\/2024\/09\/03_Magiaferit-copia-min-e1754840622857.jpg 680w\" sizes=\"(max-width: 522px) 100vw, 522px\" \/><\/figure>\n<\/div>\n\n\n\n<div class=\"wp-block-column is-layout-flow wp-block-column-is-layout-flow\" style=\"--col-width:66.66%;flex-basis:66.66%\">\n<h1 class=\"wp-block-heading\" style=\"text-transform:uppercase\"><strong>Hitos profesionales<\/strong><\/h1>\n\n\n\n<ul class=\"wp-block-list\">\n<li>Presidente de la <strong>Asociaci\u00f3n de Profesionales de la Magia<\/strong> (ACMIPE) (2024 \u2013 act.)<\/li>\n\n\n\n<li>Responsable de Relaciones Institucionales de la <strong>Asociaci\u00f3n de Profesionales de la Magia<\/strong> (ACMIPE) (2020 &#8211; 2024)<\/li>\n\n\n\n<li>Incluido en el cat\u00e1logo de espect\u00e1culos de la <strong>Fundaci\u00f3n Xarxa<\/strong>.<\/li>\n\n\n\n<li>Incluido en el Programa.cat de la <strong>Generalitat de Catalunya<\/strong>.<\/li>\n\n\n\n<li>Seleccionado en el <strong>TAST D\u2019ESPECTACLES FAMILIARS<\/strong> (2017, 2019, 2024)<\/li>\n\n\n\n<li>Seleccionado en el Festival de Teatro en la Prisi\u00f3n de Lledoners de la <strong>AADPC<\/strong> (2018)<\/li>\n\n\n\n<li>Inauguraci\u00f3n de la Temporada del <strong>Aula de Extensi\u00f3n Universitaria de Girona<\/strong> (2017)<\/li>\n\n\n\n<li>Seleccionado en el 1r Aparador de Magos del Festival <strong>Una Tona de Magia<\/strong> (2017)<\/li>\n\n\n\n<li>Seleccionado para cerrar la programaci\u00f3n familiar de <strong>Las Fiestas del Pilar en Zaragoza<\/strong> (2014)<\/li>\n\n\n\n<li>Seleccionado en el <strong>Festival FITKAM<\/strong> de Montmel\u00f3 (2014)<\/li>\n\n\n\n<li>Estancia de verano en el Teatro-Museo <strong>EL REY DE LA MAGIA<\/strong> (2013)<\/li>\n\n\n\n<li>Asesor m\u00e1gico de la obra \u201cLa Nana Bunilda come pesadillas\u201d en el <strong>Festival GREC<\/strong> BARCELONA (2012)<\/li>\n\n\n\n<li>Participa en la Gala <strong>Catalunya Aixeca el Tel\u00f3<\/strong> de TV3 (2011)<\/li>\n\n\n\n<li>Seleccionado en la programaci\u00f3n <strong>La Magia de Navidad de Martorell<\/strong> (2011, 2012, 2014, 2019, 2021, 2023)<\/li>\n\n\n\n<li>Ilusionista residente en el Club de la Magia del <strong>TEATRENEU<\/strong> (2011-2012)<\/li>\n\n\n\n<li>Finalista en el 1r <strong>CONCURSO DE MAGIA<\/strong> CAN NICOLAU (2009)<\/li>\n<\/ul>\n<\/div>\n<\/div>\n\n\n\n<div style=\"height:35px\" aria-hidden=\"true\" class=\"wp-block-spacer\"><\/div>\n\n\n\n<figure class=\"wp-block-image aligncenter size-large\"><img loading=\"lazy\" decoding=\"async\" width=\"1024\" height=\"682\" src=\"http:\/\/grupcharlytrama.com\/jordiquimera\/wp-content\/uploads\/sites\/2\/2024\/09\/05_Magiaferit-copia-min-1024x682.jpg\" alt=\"\" class=\"wp-image-212\" srcset=\"https:\/\/grupcharlytrama.com\/jordiquimera\/wp-content\/uploads\/sites\/2\/2024\/09\/05_Magiaferit-copia-min-1024x682.jpg 1024w, https:\/\/grupcharlytrama.com\/jordiquimera\/wp-content\/uploads\/sites\/2\/2024\/09\/05_Magiaferit-copia-min-300x200.jpg 300w, https:\/\/grupcharlytrama.com\/jordiquimera\/wp-content\/uploads\/sites\/2\/2024\/09\/05_Magiaferit-copia-min-1536x1024.jpg 1536w, https:\/\/grupcharlytrama.com\/jordiquimera\/wp-content\/uploads\/sites\/2\/2024\/09\/05_Magiaferit-copia-min.jpg 2000w\" sizes=\"(max-width: 1024px) 100vw, 1024px\" \/><\/figure>\n\n\n\n<div style=\"height:30px\" aria-hidden=\"true\" class=\"wp-block-spacer\"><\/div>\n<\/div><\/div>\n","protected":false},"excerpt":{"rendered":"","protected":false},"author":1,"featured_media":202,"parent":0,"menu_order":0,"comment_status":"closed","ping_status":"closed","template":"","meta":{"_eb_attr":"","footnotes":""},"class_list":["post-640","page","type-page","status-publish","has-post-thumbnail","hentry"],"_links":{"self":[{"href":"https:\/\/grupcharlytrama.com\/jordiquimera\/wp-json\/wp\/v2\/pages\/640"}],"collection":[{"href":"https:\/\/grupcharlytrama.com\/jordiquimera\/wp-json\/wp\/v2\/pages"}],"about":[{"href":"https:\/\/grupcharlytrama.com\/jordiquimera\/wp-json\/wp\/v2\/types\/page"}],"author":[{"embeddable":true,"href":"https:\/\/grupcharlytrama.com\/jordiquimera\/wp-json\/wp\/v2\/users\/1"}],"replies":[{"embeddable":true,"href":"https:\/\/grupcharlytrama.com\/jordiquimera\/wp-json\/wp\/v2\/comments?post=640"}],"version-history":[{"count":6,"href":"https:\/\/grupcharlytrama.com\/jordiquimera\/wp-json\/wp\/v2\/pages\/640\/revisions"}],"predecessor-version":[{"id":971,"href":"https:\/\/grupcharlytrama.com\/jordiquimera\/wp-json\/wp\/v2\/pages\/640\/revisions\/971"}],"wp:featuredmedia":[{"embeddable":true,"href":"https:\/\/grupcharlytrama.com\/jordiquimera\/wp-json\/wp\/v2\/media\/202"}],"wp:attachment":[{"href":"https:\/\/grupcharlytrama.com\/jordiquimera\/wp-json\/wp\/v2\/media?parent=640"}],"curies":[{"name":"wp","href":"https:\/\/api.w.org\/{rel}","templated":true}]}}